{"version":"1.0","provider_name":"Fa\u00e7ons de parler","provider_url":"https:\/\/www.elecyt.org\/blog","author_name":"Stephane Gantzer","author_url":"https:\/\/www.elecyt.org\/blog\/author\/stephane-gantzer\/","title":"Le palais de la m\u00e9moire - Fa\u00e7ons de parler","type":"rich","width":600,"height":338,"html":"<blockquote class=\"wp-embedded-content\" data-secret=\"i2Qq8eTI8a\"><a href=\"https:\/\/www.elecyt.org\/blog\/2021\/10\/28\/le-palais-de-la-memoire\/\">Le palais de la m\u00e9moire<\/a><\/blockquote><iframe sandbox=\"allow-scripts\" security=\"restricted\" src=\"https:\/\/www.elecyt.org\/blog\/2021\/10\/28\/le-palais-de-la-memoire\/embed\/#?secret=i2Qq8eTI8a\" width=\"600\" height=\"338\" title=\"\u00ab\u00a0Le palais de la m\u00e9moire\u00a0\u00bb &#8212; Fa\u00e7ons de parler\" data-secret=\"i2Qq8eTI8a\" frameborder=\"0\" marginwidth=\"0\" marginheight=\"0\" scrolling=\"no\" class=\"wp-embedded-content\"><\/iframe><script>\n\/*! This file is auto-generated *\/\n!function(d,l){\"use strict\";l.querySelector&&d.addEventListener&&\"undefined\"!=typeof URL&&(d.wp=d.wp||{},d.wp.receiveEmbedMessage||(d.wp.receiveEmbedMessage=function(e){var t=e.data;if((t||t.secret||t.message||t.value)&&!\/[^a-zA-Z0-9]\/.test(t.secret)){for(var s,r,n,a=l.querySelectorAll('iframe[data-secret=\"'+t.secret+'\"]'),o=l.querySelectorAll('blockquote[data-secret=\"'+t.secret+'\"]'),c=new RegExp(\"^https?:$\",\"i\"),i=0;i<o.length;i++)o[i].style.display=\"none\";for(i=0;i<a.length;i++)s=a[i],e.source===s.contentWindow&&(s.removeAttribute(\"style\"),\"height\"===t.message?(1e3<(r=parseInt(t.value,10))?r=1e3:~~r<200&&(r=200),s.height=r):\"link\"===t.message&&(r=new URL(s.getAttribute(\"src\")),n=new URL(t.value),c.test(n.protocol))&&n.host===r.host&&l.activeElement===s&&(d.top.location.href=t.value))}},d.addEventListener(\"message\",d.wp.receiveEmbedMessage,!1),l.addEventListener(\"DOMContentLoaded\",function(){for(var e,t,s=l.querySelectorAll(\"iframe.wp-embedded-content\"),r=0;r<s.length;r++)(t=(e=s[r]).getAttribute(\"data-secret\"))||(t=Math.random().toString(36).substring(2,12),e.src+=\"#?secret=\"+t,e.setAttribute(\"data-secret\",t)),e.contentWindow.postMessage({message:\"ready\",secret:t},\"*\")},!1)))}(window,document);\n\/\/# sourceURL=https:\/\/www.elecyt.org\/blog\/wp-includes\/js\/wp-embed.min.js\n<\/script>\n","description":"La m\u00e9moire est pr\u00e9cieuse \u00e0 l\u2019orateur. Le palais de la m\u00e9moire est un outil de choix pour l\u2019optimiser. Beaucoup de mes id\u00e9es de discours me viennent pendant mes courses \u00e0 pied dans le bois de Vincennes. Jusqu\u2019\u00e0 une \u00e9poque r\u00e9cente, comme je ne m\u00e9morisais pas ces id\u00e9es, elles \u00e9taient perdues pour toujours. Le palais de [&hellip;]","thumbnail_url":"https:\/\/www.elecyt.org\/blog\/wp-content\/uploads\/2021\/10\/Post_28_photo_1.png"}